{"id":12507,"date":"2026-09-06T01:23:05","date_gmt":"2026-09-05T23:23:05","guid":{"rendered":"https:\/\/ceresio5valli.it\/?post_type=eventi&#038;p=12507"},"modified":"2026-09-06T01:23:05","modified_gmt":"2026-09-05T23:23:05","slug":"andrea-bonvicini-valsolda-due-libri-serata-musica-2026","status":"publish","type":"eventi","link":"https:\/\/ceresio5valli.it\/es\/eventi\/andrea-bonvicini-valsolda-due-libri-serata-musica-2026\/","title":{"rendered":"Andrea Bonvicini presenta dos libros en la Biblioteca de Valsolda."},"content":{"rendered":"<p>Viernes <strong>18 de septiembre de 2026<\/strong> a las en punto <strong>20:45<\/strong> Las escuelas Loggio, en Valsolda, organizan una velada dedicada a <strong>Andrea Bonvicini<\/strong>, un autor de Valsoldo que presenta dos libros: <em>El gran comienzo de la historia<\/em>, drama en cinco partes, y <em>Las nubes se van<\/em>, una colecci\u00f3n de cuentos, an\u00e9cdotas y poemas, tanto publicados como in\u00e9ditos.<\/p>\n<p>La lectura estar\u00e1 acompa\u00f1ada de intervenciones musicales por <strong>Iv\u00e1n Porta<\/strong> Al acorde\u00f3n estar\u00e1 a cargo de un profesor del Instituto C\u00edvico de M\u00fasica de Dongo, Menaggio y Porlezza. A continuaci\u00f3n, se ofrecer\u00e1 un refrigerio. El evento est\u00e1 organizado por la Biblioteca Municipal Antonio Fogazzaro de Valsolda y da continuidad al ciclo de veladas literarias que en los \u00faltimos meses ha tra\u00eddo a Loggio a autores de las zonas de Laria y Cerese.<\/p>\n<h2>El autor<\/h2>\n<p>Andrea Bonvicini naci\u00f3 en Oria Valsolda en 1942. Tras estudiar ingenier\u00eda en Lugano y Mil\u00e1n, trabaj\u00f3 en el cant\u00f3n de Ticino como dibujante y asesor t\u00e9cnico: una biograf\u00eda de la zona fronteriza entre el lago Ceresio y Suiza, compartida por muchas familias de Valsolda. M\u00e1s tarde, comenz\u00f3 a escribir, impulsado por lo que \u00e9l mismo describe como un impulso interno: plasmar en versos y relatos el bagaje emocional de toda una vida, con la esperanza de que el lector lo perciba \u00edntimamente.<\/p>\n<h2>Los dos libros<\/h2>\n<p><em>El gran comienzo de la historia<\/em> Se trata de un drama en cinco partes, una interpretaci\u00f3n libre del autor sobre el tema de los or\u00edgenes. <em>Las nubes se van<\/em> En cambio, re\u00fane cuentos y poemas, algunos publicados previamente y otros in\u00e9ditos, con una vista de la orilla valsoldesa del lago Ceresio en la portada. Durante la velada, el autor leer\u00e1 fragmentos de ambas obras.<\/p>\n<div style=\"display:flex;flex-wrap:wrap;gap:2rem;justify-content:center;margin:2rem 0;\">\n<figure style=\"flex:1 1 240px;max-width:340px;margin:0;\">\n<img fetchpriority=\"high\" decoding=\"async\" width=\"753\" height=\"1100\" src=\"https:\/\/ceresio5valli.it\/wp-content\/uploads\/2026\/09\/copertina-della-storia-lo-gran-principio-andrea-bonvicini.jpg\" alt=\"Copertina del libro Della Storia lo Gran Principio, dramma in cinque parti di Andrea Bonvicini\" class=\"wp-image-12509\" style=\"width:100%;height:auto;\" srcset=\"https:\/\/ceresio5valli.it\/wp-content\/uploads\/2026\/09\/copertina-della-storia-lo-gran-principio-andrea-bonvicini.jpg 753w, https:\/\/ceresio5valli.it\/wp-content\/uploads\/2026\/09\/copertina-della-storia-lo-gran-principio-andrea-bonvicini-205x300.jpg 205w, https:\/\/ceresio5valli.it\/wp-content\/uploads\/2026\/09\/copertina-della-storia-lo-gran-principio-andrea-bonvicini-701x1024.jpg 701w, https:\/\/ceresio5valli.it\/wp-content\/uploads\/2026\/09\/copertina-della-storia-lo-gran-principio-andrea-bonvicini-8x12.jpg 8w\" sizes=\"(max-width: 753px) 100vw, 753px\" \/><figcaption style=\"text-align:center;font-size:0.9em;\"><em>El gran comienzo de la historia<\/em> \u2014 drama en cinco partes<\/figcaption><\/figure>\n<figure style=\"flex:1 1 240px;max-width:340px;margin:0;\">\n<img decoding=\"async\" width=\"785\" height=\"1100\" src=\"https:\/\/ceresio5valli.it\/wp-content\/uploads\/2026\/09\/copertina-van-le-nuvole-andrea-bonvicini.jpg\" alt=\"Copertina del libro Van le nuvole di Andrea Bonvicini, con uno scorcio della riva valsoldese del Lago Ceresio\" class=\"wp-image-12510\" style=\"width:100%;height:auto;\" srcset=\"https:\/\/ceresio5valli.it\/wp-content\/uploads\/2026\/09\/copertina-van-le-nuvole-andrea-bonvicini.jpg 785w, https:\/\/ceresio5valli.it\/wp-content\/uploads\/2026\/09\/copertina-van-le-nuvole-andrea-bonvicini-214x300.jpg 214w, https:\/\/ceresio5valli.it\/wp-content\/uploads\/2026\/09\/copertina-van-le-nuvole-andrea-bonvicini-731x1024.jpg 731w, https:\/\/ceresio5valli.it\/wp-content\/uploads\/2026\/09\/copertina-van-le-nuvole-andrea-bonvicini-768x1076.jpg 768w, https:\/\/ceresio5valli.it\/wp-content\/uploads\/2026\/09\/copertina-van-le-nuvole-andrea-bonvicini-9x12.jpg 9w\" sizes=\"(max-width: 785px) 100vw, 785px\" \/><figcaption style=\"text-align:center;font-size:0.9em;\"><em>Las nubes se van<\/em> \u2014 Relatos, an\u00e9cdotas y poemas, publicados e in\u00e9ditos.<\/figcaption><\/figure>\n<\/div>\n<h2>Iv\u00e1n Porta<\/h2>\n<figure style=\"max-width:360px;margin:0 0 1.5rem 1.5rem;float:right;\">\n<img decoding=\"async\" width=\"523\" height=\"599\" src=\"https:\/\/ceresio5valli.it\/wp-content\/uploads\/2026\/09\/ivan-porta-fisarmonica.jpg\" alt=\"Il fisarmonicista Ivan Porta con la sua fisarmonica\" class=\"wp-image-12511\" style=\"width:100%;height:auto;\" srcset=\"https:\/\/ceresio5valli.it\/wp-content\/uploads\/2026\/09\/ivan-porta-fisarmonica.jpg 523w, https:\/\/ceresio5valli.it\/wp-content\/uploads\/2026\/09\/ivan-porta-fisarmonica-262x300.jpg 262w, https:\/\/ceresio5valli.it\/wp-content\/uploads\/2026\/09\/ivan-porta-fisarmonica-10x12.jpg 10w\" sizes=\"(max-width: 523px) 100vw, 523px\" \/><figcaption style=\"text-align:center;font-size:0.9em;\">Ivan Porta, acordeonista y profesor del Instituto C\u00edvico de M\u00fasica de Dongo, Menaggio y Porlezza<\/figcaption><\/figure>\n<p>Nacido en Como, Ivan Porta estudi\u00f3 acorde\u00f3n con el Maestro Mimmo Orlando, combinando m\u00fasica de baile con repertorio cl\u00e1sico, y se gradu\u00f3 en piano en el Conservatorio de Mantua en 1985. Ha impartido clases de educaci\u00f3n musical en escuelas secundarias de varias localidades entre el lago de Como y el lago de Ceresio, como Menaggio, Porlezza y San Bartolomeo Val Cavargna, y colabora con orquestas de danza como arreglista y solista. Actualmente ense\u00f1a acorde\u00f3n en el Instituto C\u00edvico de M\u00fasica de Dongo, Menaggio y Porlezza.<\/p>\n<div style=\"clear:both;\"><\/div>\n<h2>Informaci\u00f3n<\/h2>\n<ul>\n<li><strong>Cuando:<\/strong> Viernes, 18 de septiembre de 2026, 20:45<\/li>\n<li><strong>D\u00f3nde:<\/strong> Colegios Loggio, Valsolda (CO)<\/li>\n<li><strong>Entrada:<\/strong> Gratuito, con refrigerios finales.<\/li>\n<li><strong>Organizaci\u00f3n:<\/strong> Biblioteca Municipal Antonio Fogazzaro Valsolda<\/li>\n<\/ul>","protected":false},"excerpt":{"rendered":"<p>El viernes 18 de septiembre de 2026, a las 20:45 horas, las Escuelas Loggio de Valsolda acoger\u00e1n una velada dedicada a Andrea Bonvicini\u2026<\/p>","protected":false},"featured_media":12508,"template":"","tags":[],"comune":[15],"class_list":["post-12507","eventi","type-eventi","status-publish","has-post-thumbnail","hentry","comune-valsolda"],"meta_fields":{"rank_math_internal_links_processed":["1"],"data_inizio":["20260918"],"data_fine":["20260918"],"ora_inizio":["20:45"],"luogo":["Scuole di Loggio, Valsolda (CO)"],"latitudine":["46.02630"],"longitudine":["9.06331"],"tipo_evento":["cultura"],"prezzo_biglietto":["Ingresso libero"],"organizzatore":["Biblioteca Comunale Antonio Fogazzaro Valsolda"],"rank_math_title":["Andrea Bonvicini a Valsolda: due libri e fisarmonica alle Scuole di Loggio | Ceresio5Valli"],"rank_math_description":["Venerd\u00ec 18 settembre 2026 alle Scuole di Loggio (Valsolda) Andrea Bonvicini presenta Della Storia lo Gran Principio e Van le nuvole, con Ivan Porta alla fisarmonica."],"rank_math_focus_keyword":["Andrea Bonvicini Valsolda"],"locandina_id":["12508"]},"_links":{"self":[{"href":"https:\/\/ceresio5valli.it\/es\/wp-json\/wp\/v2\/eventi\/12507","targetHints":{"allow":["GET"]}}],"collection":[{"href":"https:\/\/ceresio5valli.it\/es\/wp-json\/wp\/v2\/eventi"}],"about":[{"href":"https:\/\/ceresio5valli.it\/es\/wp-json\/wp\/v2\/types\/eventi"}],"wp:featuredmedia":[{"embeddable":true,"href":"https:\/\/ceresio5valli.it\/es\/wp-json\/wp\/v2\/media\/12508"}],"wp:attachment":[{"href":"https:\/\/ceresio5valli.it\/es\/wp-json\/wp\/v2\/media?parent=12507"}],"wp:term":[{"taxonomy":"post_tag","embeddable":true,"href":"https:\/\/ceresio5valli.it\/es\/wp-json\/wp\/v2\/tags?post=12507"},{"taxonomy":"comune","embeddable":true,"href":"https:\/\/ceresio5valli.it\/es\/wp-json\/wp\/v2\/comune?post=12507"}],"curies":[{"name":"wp","href":"https:\/\/api.w.org\/{rel}","templated":true}]}}